{"version":"1.0","provider_name":"Kita Sternenfee","provider_url":"https:\/\/www.sternenfee-kita.de\/es\/","author_name":"Maria Dietl","author_url":"https:\/\/www.sternenfee-kita.de\/es\/author\/m-dietl\/","title":"\u00a1S\u00e9 cocinar! \u00a1Estamos a bordo! - Kita Sternenfee","type":"rich","width":600,"height":338,"html":"<blockquote class=\"wp-embedded-content\" data-secret=\"LHPe9v4MN0\"><a href=\"https:\/\/www.sternenfee-kita.de\/es\/2020\/03\/01\/ich-kann-kochen\/\">\u00a1S\u00e9 cocinar! \u00a1Estamos a bordo!<\/a><\/blockquote><iframe sandbox=\"allow-scripts\" security=\"restricted\" src=\"https:\/\/www.sternenfee-kita.de\/es\/2020\/03\/01\/ich-kann-kochen\/embed\/#?secret=LHPe9v4MN0\" width=\"600\" height=\"338\" title=\"\u00ab\u00a1S\u00e9 cocinar! \u00a1Estamos a bordo!\u00bb \u2014 Kita Sternenfee\" data-secret=\"LHPe9v4MN0\" frameborder=\"0\" marginwidth=\"0\" marginheight=\"0\" scrolling=\"no\" class=\"wp-embedded-content\"><\/iframe><script type=\"text\/javascript\">\n\/*! This file is auto-generated *\/\n!function(c,d){\"use strict\";var e=!1,o=!1;if(d.querySelector)if(c.addEventListener)e=!0;if(c.wp=c.wp||{},c.wp.receiveEmbedMessage);else if(c.wp.receiveEmbedMessage=function(e){var t=e.data;if(!t);else if(!(t.secret||t.message||t.value));else if(\/[^a-zA-Z0-9]\/.test(t.secret));else{for(var r,s,a,i=d.querySelectorAll('iframe[data-secret=\"'+t.secret+'\"]'),n=d.querySelectorAll('blockquote[data-secret=\"'+t.secret+'\"]'),o=new RegExp(\"^https?:$\",\"i\"),l=0;l<n.length;l++)n[l].style.display=\"none\";for(l=0;l<i.length;l++)if(r=i[l],e.source!==r.contentWindow);else{if(r.removeAttribute(\"style\"),\"height\"===t.message){if(1e3<(s=parseInt(t.value,10)))s=1e3;else if(~~s<200)s=200;r.height=s}if(\"link\"===t.message)if(s=d.createElement(\"a\"),a=d.createElement(\"a\"),s.href=r.getAttribute(\"src\"),a.href=t.value,!o.test(a.protocol));else if(a.host===s.host)if(d.activeElement===r)c.top.location.href=t.value}}},e)c.addEventListener(\"message\",c.wp.receiveEmbedMessage,!1),d.addEventListener(\"DOMContentLoaded\",t,!1),c.addEventListener(\"load\",t,!1);function t(){if(o);else{o=!0;for(var e,t,r,s=-1!==navigator.appVersion.indexOf(\"MSIE 10\"),a=!!navigator.userAgent.match(\/Trident.*rv:11\\.\/),i=d.querySelectorAll(\"iframe.wp-embedded-content\"),n=0;n<i.length;n++){if(!(r=(t=i[n]).getAttribute(\"data-secret\")))r=Math.random().toString(36).substr(2,10),t.src+=\"#?secret=\"+r,t.setAttribute(\"data-secret\",r);if(s||a)(e=t.cloneNode(!0)).removeAttribute(\"security\"),t.parentNode.replaceChild(e,t);t.contentWindow.postMessage({message:\"ready\",secret:r},\"*\")}}}}(window,document);\n<\/script>\n","description":"La mayor iniciativa alemana de educaci\u00f3n nutricional pr\u00e1ctica, la iniciativa conjunta de la Fundaci\u00f3n Sarah Wiener y BARMER, pretende que los ni\u00f1os se interesen por la nutrici\u00f3n equilibrada lo antes posible. \u00a1Nuestra educadora, que tambi\u00e9n es cocinera de formaci\u00f3n, ha participado en un curso de formaci\u00f3n Ich kann kochen! Queremos que nuestros hijos se entusiasmen [&hellip;]","thumbnail_url":"https:\/\/www.sternenfee-kita.de\/wp-content\/uploads\/2020\/03\/IchKannKochen.png"}